{"id":907,"date":"2024-12-06T16:31:56","date_gmt":"2024-12-06T15:31:56","guid":{"rendered":"https:\/\/incia.onlinecreation.fr\/?post_type=buni_events&#038;p=907"},"modified":"2025-02-11T13:14:52","modified_gmt":"2025-02-11T12:14:52","slug":"soutenance-de-these-julie-lenoir","status":"publish","type":"buni_events","link":"https:\/\/incia.u-bordeaux.fr\/fr\/events\/soutenance-de-these-julie-lenoir\/","title":{"rendered":"<span>Soutenance de th\u00e8se &#8211; <\/span>Julie Lenoir"},"content":{"rendered":"<p><strong>Lieu : Amphi 6 <\/strong>(site Carreire).<br \/>\n<strong>Lien ZOOM :\u00a0<\/strong><span id=\"OBJ_PREFIX_DWT610_com_zimbra_url\" class=\"Object\" role=\"link\"><a href=\"https:\/\/u-bordeaux-fr.zoom.us\/j\/87425590998\" target=\"_blank\" rel=\"nofollow noopener noreferrer\">https:\/\/u-bordeaux-fr.zoom.us\/j\/87425590998<\/a><\/span><\/p>\n<p>Soutenance en fran\u00e7ais<\/p>\n<p>Lien pour celles et ceux qui veulent s&rsquo;inscrire : <span id=\"OBJ_PREFIX_DWT611_com_zimbra_url\" class=\"Object\" role=\"link\"><a href=\"https:\/\/evento.renater.fr\/survey\/soutenances-gabriel-julie-yoqokw2g\" target=\"_blank\" rel=\"nofollow noopener noreferrer\">https:\/\/evento.renater.fr\/survey\/soutenances-gabriel-julie-yoqokw2g<\/a><\/span><\/p>\n<hr \/>\n<p><strong>Julie Lenoir<\/strong><br \/>\nEquipe : Mococo<br \/>\nINCIA<\/p>\n<p>Directeur de th\u00e8se : Arnaud Badets<\/p>\n<h3>Titre<\/h3>\n<p><strong>\u00c9tude des effets de l&rsquo;exp\u00e9rience sensorimotrice sur le traitement num\u00e9rique<\/strong><strong><br \/>\n<\/strong><\/p>\n<h3>R\u00e9sum\u00e9<\/h3>\n<p class=\"p1\">D\u2019un point de vue incarn\u00e9 de la cognition, le traitement des nombres et l&rsquo;organisation spatiale des r\u00e9ponses motrices s\u2019influencent mutuellement. La premi\u00e8re partie exp\u00e9rimentale de cette th\u00e8se (Axe 1) a examin\u00e9 comment les exp\u00e9riences corporelles (i.e., les mouvements de la main) influen\u00e7aient la cognition num\u00e9rique, r\u00e9v\u00e9lant que l&rsquo;exp\u00e9rience sensorimotrice affectait ce traitement. Dans la perspective d\u2019une cognition num\u00e9rique ancr\u00e9e dans le syst\u00e8me sensorimoteur, les deux \u00e9tudes pr\u00e9sent\u00e9es ont illustr\u00e9 le r\u00f4le de la main dans la compr\u00e9hension des magnitudes continues et discr\u00e8tes. L\u2019\u00c9tude 1 a montr\u00e9 comment l\u2019observation et la r\u00e9alisation d\u2019actions manuelles orientaient le traitement num\u00e9rique, tandis que l\u2019\u00c9tude 2 a explor\u00e9 l&rsquo;effet des exp\u00e9riences sensorimotrices sur le transcodage entre les codes analogiques (e.g., perception d&rsquo;une distance) et symboliques (e.g., chiffre). Dans la perspective d\u2019une cognition num\u00e9rique situ\u00e9e, la seconde partie de cette th\u00e8se (Axe 2) a explor\u00e9 la dimension spatiale de la cognition num\u00e9rique. Les trois articles de cet axe ont montr\u00e9 que la perception de l&rsquo;espace et l&rsquo;int\u00e9gration des r\u00e9f\u00e9rentiels corporels influen\u00e7aient la manipulation des informations num\u00e9riques, dans une dynamique r\u00e9ciproque. Dans l&rsquo;ensemble, les interactions entre le corps, l&rsquo;espace et les nombres se sont r\u00e9v\u00e9l\u00e9es adaptatives, n\u00e9cessitant une compr\u00e9hension des r\u00e9f\u00e9rentiels spatiaux utilis\u00e9s et une inscription th\u00e9orique pr\u00e9cise des ph\u00e9nom\u00e8nes observ\u00e9s.<\/p>\n<p class=\"p1\">Mots cl\u00e9s : Associations spatiales num\u00e9riques, Cognition incarn\u00e9e, Cognition num\u00e9rique, Cognition spatiale, Pr\u00e9hension, R\u00e9f\u00e9rentiels spatiaux.<\/p>\n<h3>Jury<\/h3>\n<ul>\n<li>Arnaud Badets\u00a0(CR,Universit\u00e9 de Bordeaux)<\/li>\n<li>Michael Andres\u00a0(Pr, Universit\u00e9 Catholique de Louvain)<\/li>\n<li>Maria Dolores De Hevia\u00a0(CR, Universit\u00e9 Paris-Descartes)<\/li>\n<li>Thibaut Brouillet\u00a0(Pr, Universit\u00e9 Paris-Nanterre)<\/li>\n<li>David Cohen\u00a0(Psychiatre, PU-PH, Sorbonne Universit\u00e9)<\/li>\n<li>Sandrine Mejias\u00a0(MCF, Universit\u00e9 de Lille)<\/li>\n<li>Anouck Amestoy\u00a0(Psychiatre,\u00a0PU-PH, Universit\u00e9 de Bordeaux)<\/li>\n<li>Denis Grabot\u00a0(Psychomotricien, Dr et Directeur de l&rsquo;Institut de Formation en Psychomotricit\u00e9, Universit\u00e9 de Bordeaux)<\/li>\n<\/ul>\n","protected":false},"excerpt":{"rendered":"<p>\u00c9tude des effets de l&rsquo;exp\u00e9rience sensorimotrice sur le traitement num\u00e9rique \/ Lieu : Amphi 6 <\/p>\n","protected":false},"template":"","categories":[],"class_list":["post-907","buni_events","type-buni_events","status-publish","hentry"],"_links":{"self":[{"href":"https:\/\/incia.u-bordeaux.fr\/fr\/wp-json\/wp\/v2\/buni_events\/907","targetHints":{"allow":["GET"]}}],"collection":[{"href":"https:\/\/incia.u-bordeaux.fr\/fr\/wp-json\/wp\/v2\/buni_events"}],"about":[{"href":"https:\/\/incia.u-bordeaux.fr\/fr\/wp-json\/wp\/v2\/types\/buni_events"}],"wp:attachment":[{"href":"https:\/\/incia.u-bordeaux.fr\/fr\/wp-json\/wp\/v2\/media?parent=907"}],"wp:term":[{"taxonomy":"category","embeddable":true,"href":"https:\/\/incia.u-bordeaux.fr\/fr\/wp-json\/wp\/v2\/categories?post=907"}],"curies":[{"name":"wp","href":"https:\/\/api.w.org\/{rel}","templated":true}]}}