{"id":146,"date":"2024-06-06T14:40:46","date_gmt":"2024-06-06T12:40:46","guid":{"rendered":"https:\/\/incia.onlinecreation.fr\/accueil\/"},"modified":"2025-07-21T11:06:18","modified_gmt":"2025-07-21T09:06:18","slug":"accueil","status":"publish","type":"page","link":"https:\/\/incia.u-bordeaux.fr\/fr\/","title":{"rendered":"Accueil"},"content":{"rendered":"<div class=\"n2_clear\"><ss3-force-full-width data-overflow-x=\"body\" data-horizontal-selector=\"body\"><div class=\"n2-section-smartslider fitvidsignore  n2_clear\" data-ssid=\"4\"><div id=\"n2-ss-4-align\" class=\"n2-ss-align\"><div class=\"n2-padding\"><div id=\"n2-ss-4\" data-creator=\"Smart Slider 3\" data-responsive=\"fullwidth\" class=\"n2-ss-slider n2-ow n2-has-hover n2notransition  \">\n        <div class=\"n2-ss-slider-1 n2_ss__touch_element n2-ow\">\n            <div class=\"n2-ss-slider-2 n2-ow\">\n                                                <div class=\"n2-ss-slider-3 n2-ow\">\n\n                    <div class=\"n2-ss-slide-backgrounds n2-ow-all\"><div class=\"n2-ss-slide-background\" data-public-id=\"1\" data-mode=\"fill\"><div class=\"n2-ss-slide-background-image\" data-blur=\"0\" data-opacity=\"100\" data-x=\"50\" data-y=\"50\" data-alt=\"\" data-title=\"\"><picture class=\"skip-lazy\" data-skip-lazy=\"1\"><img decoding=\"async\" src=\"\/\/incia.u-bordeaux.fr\/wp-content\/uploads\/sites\/3\/2025\/07\/bandeau-incia-DSC_8441-1.jpg\" alt=\"\" title=\"\" loading=\"lazy\" class=\"skip-lazy\" data-skip-lazy=\"1\"><\/picture><\/div><div data-color=\"RGBA(255,255,255,0)\" style=\"background-color: RGBA(255,255,255,0);\" class=\"n2-ss-slide-background-color\"><\/div><\/div><div class=\"n2-ss-slide-background\" data-public-id=\"2\" data-mode=\"fill\" aria-hidden=\"true\"><div class=\"n2-ss-slide-background-image\" data-blur=\"0\" data-opacity=\"100\" data-x=\"50\" data-y=\"50\" data-alt=\"\" data-title=\"\"><picture class=\"skip-lazy\" data-skip-lazy=\"1\"><img decoding=\"async\" src=\"\/\/incia.u-bordeaux.fr\/wp-content\/uploads\/sites\/3\/slider4\/incia-DSC_8441.jpeg\" alt=\"\" title=\"\" loading=\"lazy\" class=\"skip-lazy\" data-skip-lazy=\"1\"><\/picture><\/div><div data-color=\"RGBA(255,255,255,0)\" style=\"background-color: RGBA(255,255,255,0);\" class=\"n2-ss-slide-background-color\"><\/div><\/div><\/div>                    <div class=\"n2-ss-slider-4 n2-ow\">\n                        <svg xmlns=\"http:\/\/www.w3.org\/2000\/svg\" viewBox=\"0 0 1920 480\" data-related-device=\"desktopPortrait\" class=\"n2-ow n2-ss-preserve-size n2-ss-preserve-size--slider n2-ss-slide-limiter\"><\/svg><div data-first=\"1\" data-slide-duration=\"0\" data-id=\"18\" data-slide-public-id=\"1\" data-title=\"bandeau-incia-DSC_8441-1\" class=\"n2-ss-slide n2-ow  n2-ss-slide-18\"><div role=\"note\" class=\"n2-ss-slide--focus\" tabindex=\"-1\">bandeau-incia-DSC_8441-1<\/div><div class=\"n2-ss-layers-container n2-ss-slide-limiter n2-ow\"><div class=\"n2-ss-layer n2-ow n-uc-FeXahpShHIFv\" data-sstype=\"slide\" data-pm=\"default\"><\/div><\/div><\/div><div data-slide-duration=\"0\" data-id=\"10\" data-slide-public-id=\"2\" aria-hidden=\"true\" data-title=\"incia-DSC_8441\" class=\"n2-ss-slide n2-ow  n2-ss-slide-10\"><div role=\"note\" class=\"n2-ss-slide--focus\" tabindex=\"-1\">incia-DSC_8441<\/div><div class=\"n2-ss-layers-container n2-ss-slide-limiter n2-ow\"><div class=\"n2-ss-layer n2-ow n-uc-1hNdi712WCP5\" data-sstype=\"slide\" data-pm=\"default\"><\/div><\/div><\/div>                    <\/div>\n\n                                    <\/div>\n            <\/div>\n        <\/div>\n        <\/div><ss3-loader><\/ss3-loader><\/div><\/div><div class=\"n2_clear\"><\/div><\/div><\/ss3-force-full-width><\/div>\n\n\n<div style=\"height:60px\" aria-hidden=\"true\" class=\"wp-block-spacer\"><\/div>\n\n\n\n<div class=\"wp-block-group soft-separator\"><div class=\"wp-block-group__inner-container is-layout-constrained wp-block-group-is-layout-constrained\">\n<div class=\"wp-block-group container-xxl\"><div class=\"wp-block-group__inner-container is-layout-constrained wp-block-group-is-layout-constrained\">\n<div class=\"wp-block-columns is-layout-flex wp-container-core-columns-is-layout-1 wp-block-columns-is-layout-flex\">\n<div class=\"wp-block-column px-3 is-layout-flow wp-block-column-is-layout-flow\" style=\"flex-basis:33.34%\">\n<h3 class=\"wp-block-heading text-primary\">Notre projet<\/h3>\n\n\n\n<p>L\u2019<strong>Institut des Neurosciences Cognitives et Int\u00e9gratives d\u2019Aquitaine<\/strong> (INCIA \u2013 UMR 5287), situ\u00e9 au sein du Bordeaux Neurocampus, est un centre de recherche de premier plan en neurosciences fondamentales et translationnelles. Pr\u00e8s de 100 personnels permanents \u2014 comprenant chercheurs, enseignants-chercheurs et techniciens scientifiques \u2014 sont r\u00e9partis en 14 \u00e9quipes qui \u00e9tudient les m\u00e9canismes neuronaux \u00e0 la base de trois grands domaines interconnect\u00e9s du fonctionnement du syst\u00e8me nerveux : la cognition, le contr\u00f4le moteur et l\u2019addiction.<\/p>\n\n\n\n<p>Les recherches men\u00e9es \u00e0 l\u2019INCIA s\u2019appuient sur une large gamme de niveaux d\u2019analyse, allant des m\u00e9canismes mol\u00e9culaires et cellulaires jusqu\u2019au comportement, en utilisant \u00e0 la fois des mod\u00e8les animaux et des sujets humains. Une attention particuli\u00e8re est port\u00e9e aux neurosciences comportementales, \u00e0 la neurophysiologie, \u00e0 la psychologie cognitive, \u00e0 la neuroimagerie et \u00e0 la mod\u00e9lisation computationnelle. Cette approche int\u00e9grative et interdisciplinaire permet des avanc\u00e9es majeures dans la compr\u00e9hension des fonctions du syst\u00e8me nerveux, tant dans des contextes normaux que pathologiques, incluant les troubles du neurod\u00e9veloppement, les maladies psychiatriques et les pathologies neurod\u00e9g\u00e9n\u00e9ratives.<\/p>\n<\/div>\n\n\n\n<div class=\"wp-block-column px-3 is-layout-flow wp-block-column-is-layout-flow\" style=\"flex-basis:33.34%\">\n<h3 class=\"wp-block-heading text-primary\">Actualit\u00e9s<\/h3>\n\n\n<div class=\"buni-news\"><div class=\"row mb-3\"><div class=\"col-12 pe-0\"><a href=\"https:\/\/incia.u-bordeaux.fr\/fr\/2026\/03\/31\/post-doctoral-research-position-in-ai-machine-learning-for-analyzes-of-rodent-behavior\/\"><div class=\"ratio ratio-3x2 news-img\"><img loading=\"lazy\" decoding=\"async\" width=\"180\" height=\"120\" src=\"https:\/\/incia.u-bordeaux.fr\/wp-content\/plugins\/buni-news\/empty.svg\" data-src=\"aHR0cHM6Ly9jZG4tbmV1cm9jYW1wdXMub25sYy5ldS93cC1jb250ZW50L3VwbG9hZHMvMjAyMy8xMi9wb3N0LWRvYy1qb2ItaW5jaWEuanBn\" onload=\"this.src=atob(this.dataset.src);this.dataset.src='';this.onload='';\" class=\"img-fluid wp-post-image\" alt=\"\" \/><\/div><a href=\"https:\/\/incia.u-bordeaux.fr\/fr\/category\/non-classifiee\/\" class=\"text-primary\">Quoi de neuf ?<\/a><br><a href=\"https:\/\/incia.u-bordeaux.fr\/fr\/2026\/03\/31\/post-doctoral-research-position-in-ai-machine-learning-for-analyzes-of-rodent-behavior\/\" class=\"text-body\"><strong>Position de chercheur\/chercheuse postdoctoral(e) en IA\/machine learning pour l&rsquo;analyse du comportemet des rongeurs<\/strong><br>Contact: Bruno Bontempi (INCIA)<\/a><\/div><\/div><div class=\"row mb-3\"><div class=\"col-12 pe-0\"><a href=\"https:\/\/incia.u-bordeaux.fr\/fr\/2026\/03\/19\/sucre-comment-reduire-la-dose\/\"><div class=\"ratio ratio-3x2 news-img\"><img loading=\"lazy\" decoding=\"async\" width=\"85\" height=\"120\" src=\"https:\/\/incia.u-bordeaux.fr\/wp-content\/uploads\/sites\/3\/2025\/12\/image-4.png\" class=\"img-fluid wp-post-image\" alt=\"\" srcset=\"https:\/\/incia.u-bordeaux.fr\/wp-content\/uploads\/sites\/3\/2025\/12\/image-4.png 720w, https:\/\/incia.u-bordeaux.fr\/wp-content\/uploads\/sites\/3\/2025\/12\/image-4-212x300.png 212w\" sizes=\"auto, (max-width: 85px) 100vw, 85px\" \/><\/div><a href=\"https:\/\/incia.u-bordeaux.fr\/fr\/category\/non-classifiee\/\" class=\"text-primary\">Quoi de neuf ?<\/a><br><a href=\"https:\/\/incia.u-bordeaux.fr\/fr\/2026\/03\/19\/sucre-comment-reduire-la-dose\/\" class=\"text-body\"><strong>Sucre : comment r\u00e9duire la dose ?<\/strong><br>Serge Ahmed sur France 5<\/a><\/div><\/div><div class=\"row mb-3\"><div class=\"col-12 pe-0\"><a href=\"https:\/\/incia.u-bordeaux.fr\/fr\/2026\/03\/12\/les-travaux-danouck-amestoy-en-bd\/\"><div class=\"ratio ratio-3x2 news-img\"><img loading=\"lazy\" decoding=\"async\" width=\"180\" height=\"120\" src=\"https:\/\/incia.u-bordeaux.fr\/wp-content\/plugins\/buni-news\/empty.svg\" data-src=\"aHR0cHM6Ly9jZG4tbmV1cm9jYW1wdXMub25sYy5ldS93cC1jb250ZW50L3VwbG9hZHMvMjAyNi8wMy9hbWVzdG95LWJkLWNsZW1lbnRpbmV0b3V0Y291cnQuanBn\" onload=\"this.src=atob(this.dataset.src);this.dataset.src='';this.onload='';\" class=\"img-fluid wp-post-image\" alt=\"\" \/><\/div><a href=\"https:\/\/incia.u-bordeaux.fr\/fr\/category\/non-classifiee\/\" class=\"text-primary\">Quoi de neuf ?<\/a><br><a href=\"https:\/\/incia.u-bordeaux.fr\/fr\/2026\/03\/12\/les-travaux-danouck-amestoy-en-bd\/\" class=\"text-body\"><strong>Les travaux d&rsquo;Anouck Amestoy en BD<\/strong><br>Projet du PEPR PROPSY<\/a><\/div><\/div><div class=\"row mb-3\"><div class=\"col-12 pe-0\"><a href=\"https:\/\/incia.u-bordeaux.fr\/fr\/2026\/02\/28\/laureats-de-laap-seed-projects-2026\/\"><div class=\"ratio ratio-3x2 news-img\"><img decoding=\"async\" src=\"https:\/\/incia.u-bordeaux.fr\/wp-content\/plugins\/buni-news\/empty.svg\" class=\"img-fluid\" alt=\"\"><\/div><a href=\"https:\/\/incia.u-bordeaux.fr\/fr\/category\/non-classifiee\/\" class=\"text-primary\">Quoi de neuf ?<\/a><br><a href=\"https:\/\/incia.u-bordeaux.fr\/fr\/2026\/02\/28\/laureats-de-laap-seed-projects-2026\/\" class=\"text-body\"><strong>Laur\u00e9ats de l\u2019AAP Seed Projects 2026<\/strong><br>1 projet impliquant l&rsquo;INCIA<\/a><\/div><\/div><div class=\"row mb-3\"><div class=\"col-12 pe-0\"><a href=\"https:\/\/incia.u-bordeaux.fr\/fr\/2026\/02\/28\/laureats-de-laap-travel-grants-2026\/\"><div class=\"ratio ratio-3x2 news-img\"><img loading=\"lazy\" decoding=\"async\" width=\"180\" height=\"120\" src=\"https:\/\/incia.u-bordeaux.fr\/wp-content\/plugins\/buni-news\/empty.svg\" data-src=\"aHR0cHM6Ly9jZG4tbmV1cm9jYW1wdXMub25sYy5ldS93cC1jb250ZW50L3VwbG9hZHMvMjAyMC8wOS92aWduZXR0ZS1hYXAuanBn\" onload=\"this.src=atob(this.dataset.src);this.dataset.src='';this.onload='';\" class=\"img-fluid wp-post-image\" alt=\"\" \/><\/div><a href=\"https:\/\/incia.u-bordeaux.fr\/fr\/category\/non-classifiee\/\" class=\"text-primary\">Quoi de neuf ?<\/a><br><a href=\"https:\/\/incia.u-bordeaux.fr\/fr\/2026\/02\/28\/laureats-de-laap-travel-grants-2026\/\" class=\"text-body\"><strong>Laur\u00e9ats de l\u2019AAP \u00ab\u00a0Travel Grants\u00a0\u00bb 2026<\/strong><br>1 \u00e9tudiante de l&rsquo;INCIA<\/a><\/div><\/div><\/div>\n\n\n<div class=\"wp-block-buttons is-content-justification-right is-layout-flex wp-container-core-buttons-is-layout-1 wp-block-buttons-is-layout-flex\">\n<div class=\"wp-block-button\"><a class=\"wp-block-button__link wp-element-button\" href=\"https:\/\/incia.u-bordeaux.fr\/news\/\">Toutes nos actualit\u00e9s<\/a><\/div>\n<\/div>\n<\/div>\n\n\n\n<div class=\"wp-block-column is-layout-flow wp-block-column-is-layout-flow\" style=\"flex-basis:33.33%\">\n<h3 class=\"wp-block-heading\">Ev\u00e9nements<\/h3>\n\n\n<div class=\"buni-news\"><div class=\"row mb-3\"><div class=\"col-12\"><a href=\"https:\/\/incia.u-bordeaux.fr\/fr\/events\/soutenance-de-these-alice-minard\/\" class=\"text-body\"><div class=\"ratio ratio-3x2 event-svg\">\n            <svg xmlns=\"http:\/\/www.w3.org\/2000\/svg\" version=\"1.1\" viewBox=\"0 0 720 480\">\n                <rect x=\"0\" y=\"0\" width=\"720\" height=\"480\" style=\"fill:#f5f5f5;\"><\/rect>\n                <text x=\"360\" y=\"100\" style=\"text-anchor: middle; font-family: 'Titillium Web', Lato, sans-serif; font-size: 80px; fill: #7A7A7A; font-weight: 300;\">Jeudi<\/text>\n                <text x=\"360\" y=\"214\" style=\"text-anchor: middle; font-family: 'Titillium Web', Lato, sans-serif; font-size: 95px; fill: #7b037c; font-weight: 700;\">30 avril<\/text>\n                <text x=\"360\" y=\"326\" style=\"text-anchor: middle; font-family: 'Titillium Web', Lato, sans-serif; font-size: 95px; fill: #7b037c; font-weight: 300;\">13:30<\/text><text x=\"360\" y=\"436\" style=\"text-anchor: middle; font-family: 'Titillium Web', Lato, sans-serif; font-size: 75px; fill: #7A7A7A; font-weight: 300;\"> Centre Broca<\/text>\n                <g transform=\"scale(0.1) translate(400,3860)\">\n                    <path d=\"M192 512s192-208 192-320C384 86 298 0 192 0S0 86 0 192C0 304 192 512 192 512zm0-384a64 64 0 1 1 0 128 64 64 0 1 1 0-128z\" style=\"fill: #7A7A7A;\"><\/path>\n                <\/g>\n            <\/svg>\n            <\/div><strong><span>Soutenance de th\u00e8se &#8211; Alice Minard<\/span><\/strong><br>Bases neurobiologiques des effets r\u00e9compensants de la nicotine aromatis\u00e9e dans les cigarettes \u00e9lectroniques \/\/ Lieu : Centre Broca Nouvelle-Aquitaine<\/a><\/div><\/div><div class=\"row mb-3\"><div class=\"col-12\"><a href=\"https:\/\/incia.u-bordeaux.fr\/fr\/events\/seminar-megan-fox\/\" class=\"text-body\"><div class=\"ratio ratio-3x2 event-svg\">\n            <svg xmlns=\"http:\/\/www.w3.org\/2000\/svg\" version=\"1.1\" viewBox=\"0 0 720 480\">\n                <rect x=\"0\" y=\"0\" width=\"720\" height=\"480\" style=\"fill:#f5f5f5;\"><\/rect>\n                <text x=\"360\" y=\"100\" style=\"text-anchor: middle; font-family: 'Titillium Web', Lato, sans-serif; font-size: 80px; fill: #7A7A7A; font-weight: 300;\">Lundi<\/text>\n                <text x=\"360\" y=\"214\" style=\"text-anchor: middle; font-family: 'Titillium Web', Lato, sans-serif; font-size: 95px; fill: #7b037c; font-weight: 700;\">11 mai<\/text>\n                <text x=\"360\" y=\"326\" style=\"text-anchor: middle; font-family: 'Titillium Web', Lato, sans-serif; font-size: 95px; fill: #7b037c; font-weight: 300;\">11:30<\/text><text x=\"360\" y=\"436\" style=\"text-anchor: middle; font-family: 'Titillium Web', Lato, sans-serif; font-size: 75px; fill: #7A7A7A; font-weight: 300;\"> Centre Broca<\/text>\n                <g transform=\"scale(0.1) translate(400,3860)\">\n                    <path d=\"M192 512s192-208 192-320C384 86 298 0 192 0S0 86 0 192C0 304 192 512 192 512zm0-384a64 64 0 1 1 0 128 64 64 0 1 1 0-128z\" style=\"fill: #7A7A7A;\"><\/path>\n                <\/g>\n            <\/svg>\n            <\/div><strong>Seminar &#8211; Megan Fox<\/strong><br>Molecular mechanisms underlying risk and resilience to opioid seeking \/\/ Venue: Centre Broca<\/a><\/div><\/div><\/div>\n\n\n<div class=\"wp-block-buttons is-content-justification-right is-layout-flex wp-container-core-buttons-is-layout-2 wp-block-buttons-is-layout-flex\">\n<div class=\"wp-block-button\"><a class=\"wp-block-button__link wp-element-button\" href=\"\/fr\/events\/\">Tous nos \u00e9v\u00e9nements<\/a><\/div>\n<\/div>\n<\/div>\n<\/div>\n<\/div><\/div>\n\n\n\n<div style=\"height:60px\" aria-hidden=\"true\" class=\"wp-block-spacer\"><\/div>\n<\/div><\/div>\n\n\n\n<div class=\"wp-block-group container-xxl\"><div class=\"wp-block-group__inner-container is-layout-constrained wp-block-group-is-layout-constrained\">\n<div style=\"height:60px\" aria-hidden=\"true\" class=\"wp-block-spacer\"><\/div>\n\n\n\n<div class=\"wp-block-columns is-layout-flex wp-container-core-columns-is-layout-4 wp-block-columns-is-layout-flex\">\n<div class=\"wp-block-column px-3 is-layout-flow wp-block-column-is-layout-flow\">\n<h3 class=\"wp-block-heading text-primary\">Derni\u00e8res publications scientifiques<\/h3>\n\n\n<p data-date=\"01776038400\"><p>\n                <a class=\"text-body\" href=\"https:\/\/doi.org\/10.1088\/1741-2552\/ae5ea6\" title=\"Bridging innovation and adoption: a mixed-methods investigation into stroke survivors&#039; acceptability of brain-computer interface-based rehabilitation interventions\" target=\"_blank\">\n                    <strong><em>Bridging innovation and adoption: a mixed-methods investigation into stroke survivors&rsquo; acceptability of brain-computer interface-based rehabilitation interventions<\/em><\/strong><br\/>\n                    <span class=\"infosPub\">\n                        <strong>Elise Grevet<\/strong>, <strong>Margaux Izac<\/strong>, Jacques Py, Franck Amadieu, Bertrand Glize, David Gasq, <strong>Camille Jeunet-Kelway<\/strong><br\/>\n                        <em>J. Neural Eng.<\/em>. \n                        2026-04-13\n                    <\/span>\n                    <br\/>10.1088\/1741-2552\/ae5ea6\n                <\/a>\n            <\/p><\/p><p data-date=\"01775001600\"><p>\n                <a class=\"text-body\" href=\"https:\/\/doi.org\/10.1016\/j.psychres.2026.116951\" title=\"Metabolic brain connectivity analysis of a depressive-like phenotype in rats: a graph theory PET study\" target=\"_blank\">\n                    <strong><em>Metabolic brain connectivity analysis of a depressive-like phenotype in rats: a graph theory PET study<\/em><\/strong><br\/>\n                    <span class=\"infosPub\">\n                        Daniel A. Vazquez-Matias, Erik F.J. de Vries, Cyprien G.J. Guerrin, Kavya Prasad, Janine Doorduin<br\/>\n                        <em>Psychiatry Research<\/em>. \n                        2026-04-01\n                    <\/span>\n                    <br\/>10.1016\/j.psychres.2026.116951\n                <\/a>\n            <\/p><\/p>\n\n\n<div class=\"wp-block-buttons is-content-justification-right is-layout-flex wp-container-core-buttons-is-layout-3 wp-block-buttons-is-layout-flex\">\n<div class=\"wp-block-button\"><a class=\"wp-block-button__link wp-element-button\" href=\"\/fr\/articles\/\"><bdo lang=\"en\" dir=\"ltr\">Toutes nos publications scientifiques<\/bdo><\/a><\/div>\n<\/div>\n<\/div>\n\n\n\n<div class=\"wp-block-column px-3 is-layout-flow wp-block-column-is-layout-flow\">\n<h3 class=\"wp-block-heading text-primary\">Aller plus loin<\/h3>\n\n\n\n<div class=\"wp-block-columns row-tablet is-layout-flex wp-container-core-columns-is-layout-2 wp-block-columns-is-layout-flex\">\n<div class=\"wp-block-column is-layout-flow wp-block-column-is-layout-flow\">\n<p class=\"has-text-align-center\"><a class=\"go-further-button\" href=\"https:\/\/incia.u-bordeaux.fr\/fr\/quest-ce-que-lincia\/\"><i class=\"fat fa-brain fa-3x py-xl-3\"><\/i><strong>Pr\u00e9sentation<br>INCIA<\/strong><\/a><\/p>\n<\/div>\n\n\n\n<div class=\"wp-block-column is-layout-flow wp-block-column-is-layout-flow\">\n<p class=\"has-text-align-center\"><a class=\"go-further-button\" href=\"https:\/\/incia.u-bordeaux.fr\/contact\/\"><i class=\"fat fa-envelope fa-3x py-xl-3\"><\/i><strong>Contactez-<br>nous<\/strong><\/a><\/p>\n<\/div>\n\n\n\n<div class=\"wp-block-column is-layout-flow wp-block-column-is-layout-flow\">\n<p class=\"has-text-align-center\"><a class=\"go-further-button\" href=\"https:\/\/incia.u-bordeaux.fr\/fr\/depannage\/\"><i class=\"fat fa-bug fa-3x py-xl-3\"><\/i><strong>Signaler une<br>anomalie<\/strong><\/a><\/p>\n<\/div>\n<\/div>\n\n\n\n<div class=\"wp-block-columns row-tablet is-layout-flex wp-container-core-columns-is-layout-3 wp-block-columns-is-layout-flex\">\n<div class=\"wp-block-column is-layout-flow wp-block-column-is-layout-flow\">\n<p class=\"has-text-align-center\"><a class=\"go-further-button\" href=\"https:\/\/www.bordeaux-neurocampus.fr\"><i class=\"fat fa-newspaper fa-3x py-xl-3\"><\/i><strong>Neurosciences <br>\u00e0 Bordeaux<\/strong><\/a><\/p>\n<\/div>\n\n\n\n<div class=\"wp-block-column is-layout-flow wp-block-column-is-layout-flow\">\n<p class=\"has-text-align-center\"><a class=\"go-further-button\" href=\"https:\/\/webmel.u-bordeaux.fr\" target=\"_blank\" rel=\"noopener\"><i class=\"fat fa-mailbox-flag-up fa-3x py-xl-3\"><\/i><strong>Webmel <br>UB<\/strong><\/a><\/p>\n<\/div>\n\n\n\n<div class=\"wp-block-column is-layout-flow wp-block-column-is-layout-flow\">\n<p class=\"has-text-align-center\"><a class=\"go-further-button\" href=\"https:\/\/ubcloud.u-bordeaux.fr\/\" target=\"_blank\" rel=\"nofollow noopener\"><i class=\"fat fa-cloud fa-3x py-xl-3\"><\/i><strong>ENT<br>UBCloud<\/strong><\/a><\/p>\n<\/div>\n<\/div>\n<\/div>\n<\/div>\n<\/div><\/div>\n\n\n\n<div style=\"height:60px\" aria-hidden=\"true\" class=\"wp-block-spacer\"><\/div>\n","protected":false},"excerpt":{"rendered":"<p>Notre projet L\u2019Institut des Neurosciences Cognitives et Int\u00e9gratives d\u2019Aquitaine (INCIA \u2013 UMR 5287), situ\u00e9 au sein du Bordeaux Neurocampus, est [&hellip;]<\/p>\n","protected":false},"author":1,"featured_media":0,"parent":0,"menu_order":0,"comment_status":"closed","ping_status":"closed","template":"template-fullwidth.php","meta":{"footnotes":""},"class_list":["post-146","page","type-page","status-publish","hentry"],"_links":{"self":[{"href":"https:\/\/incia.u-bordeaux.fr\/fr\/wp-json\/wp\/v2\/pages\/146","targetHints":{"allow":["GET"]}}],"collection":[{"href":"https:\/\/incia.u-bordeaux.fr\/fr\/wp-json\/wp\/v2\/pages"}],"about":[{"href":"https:\/\/incia.u-bordeaux.fr\/fr\/wp-json\/wp\/v2\/types\/page"}],"author":[{"embeddable":true,"href":"https:\/\/incia.u-bordeaux.fr\/fr\/wp-json\/wp\/v2\/users\/1"}],"replies":[{"embeddable":true,"href":"https:\/\/incia.u-bordeaux.fr\/fr\/wp-json\/wp\/v2\/comments?post=146"}],"version-history":[{"count":37,"href":"https:\/\/incia.u-bordeaux.fr\/fr\/wp-json\/wp\/v2\/pages\/146\/revisions"}],"predecessor-version":[{"id":1464,"href":"https:\/\/incia.u-bordeaux.fr\/fr\/wp-json\/wp\/v2\/pages\/146\/revisions\/1464"}],"wp:attachment":[{"href":"https:\/\/incia.u-bordeaux.fr\/fr\/wp-json\/wp\/v2\/media?parent=146"}],"curies":[{"name":"wp","href":"https:\/\/api.w.org\/{rel}","templated":true}]}}